{"id":272,"date":"2020-04-08T15:07:19","date_gmt":"2020-04-08T13:07:19","guid":{"rendered":"https:\/\/www.francescobenazzo.it\/sito\/?page_id=272"},"modified":"2024-04-24T16:56:17","modified_gmt":"2024-04-24T14:56:17","slug":"chi-sono","status":"publish","type":"page","link":"https:\/\/www.francescobenazzo.it\/sito\/chi-sono\/","title":{"rendered":"Chi sono"},"content":{"rendered":"<p>[et_pb_section fb_built=&#8221;1&#8243; _builder_version=&#8221;4.16&#8243; use_background_color_gradient=&#8221;on&#8221; background_color_gradient_type=&#8221;circular&#8221; background_color_gradient_direction_radial=&#8221;top left&#8221; background_color_gradient_stops=&#8221;rgba(12,113,195,0.61) 50%|rgba(255,227,208,0.3) 100%&#8221; background_color_gradient_overlays_image=&#8221;on&#8221; background_color_gradient_start=&#8221;rgba(12,113,195,0.61)&#8221; background_color_gradient_start_position=&#8221;50%&#8221; background_color_gradient_end=&#8221;rgba(255,227,208,0.3)&#8221; background_image=&#8221;https:\/\/www.francescobenazzo.it\/sito\/wp-content\/uploads\/2020\/04\/home.png&#8221; custom_margin=&#8221;||-120px||false|false&#8221; custom_padding=&#8221;23vw||0px||false|false&#8221; bottom_divider_height=&#8221;2.5vw&#8221; global_colors_info=&#8221;{}&#8221;][et_pb_row _builder_version=&#8221;4.16&#8243; min_height=&#8221;9px&#8221; custom_padding=&#8221;36px||29px|||&#8221; animation_style=&#8221;fade&#8221; global_colors_info=&#8221;{}&#8221;][et_pb_column type=&#8221;4_4&#8243; admin_label=&#8221;Colonna&#8221; _builder_version=&#8221;4.16&#8243; custom_padding=&#8221;|||&#8221; global_colors_info=&#8221;{}&#8221; custom_padding__hover=&#8221;|||&#8221;][et_pb_text admin_label=&#8221;Testo&#8221; _builder_version=&#8221;4.25.0&#8243; text_font=&#8221;||||||||&#8221; text_font_size=&#8221;18px&#8221; text_line_height=&#8221;2em&#8221; header_font=&#8221;|300|||||||&#8221; header_font_size=&#8221;80px&#8221; text_orientation=&#8221;center&#8221; max_width=&#8221;700px&#8221; module_alignment=&#8221;center&#8221; custom_margin=&#8221;-304px||200px|||&#8221; custom_padding=&#8221;0px||0px|||&#8221; header_font_size_tablet=&#8221;40px&#8221; header_font_size_phone=&#8221;32px&#8221; header_font_size_last_edited=&#8221;on|desktop&#8221; global_colors_info=&#8221;{}&#8221;]<\/p>\n<h1><strong><span style=\"color: #ffffff;\">Prof.<\/span><\/strong><\/h1>\n<h1><strong><span style=\"color: #ffffff;\">Francesco Benazzo<\/span><\/strong><\/h1>\n<h5 style=\"text-align: center;\"><\/h5>\n<p>[\/et_pb_text][et_pb_blurb url=&#8221;https:\/\/www.francescobenazzo.it\/sito\/chi-sono\/#002&#8243; use_icon=&#8221;on&#8221; font_icon=&#8221;&#x47;||divi||400&#8243; icon_color=&#8221;#ffffff&#8221; image_icon_width=&#8221;35px&#8221; admin_label=&#8221;Blur&#8221; _builder_version=&#8221;4.25.0&#8243; min_height=&#8221;48px&#8221; animation_style=&#8221;slide&#8221; animation_direction=&#8221;top&#8221; animation_duration=&#8221;2000ms&#8221; animation_delay=&#8221;1000ms&#8221; animation_intensity_slide=&#8221;3%&#8221; animation_repeat=&#8221;loop&#8221; icon_font_size=&#8221;35px&#8221; global_colors_info=&#8221;{}&#8221;][\/et_pb_blurb][\/et_pb_column][\/et_pb_row][\/et_pb_section][et_pb_section fb_built=&#8221;1&#8243; admin_label=&#8221;About Me&#8221; _builder_version=&#8221;4.16&#8243; min_height=&#8221;986px&#8221; custom_padding=&#8221;||6px|||&#8221; global_colors_info=&#8221;{}&#8221;][et_pb_row column_structure=&#8221;1_4,3_4&#8243; use_custom_gutter=&#8221;on&#8221; padding_top_bottom_link_2=&#8221;true&#8221; padding_left_right_link_2=&#8221;true&#8221; module_id=&#8221;002&#8243; _builder_version=&#8221;4.25.0&#8243; max_width=&#8221;80%&#8221; custom_margin=&#8221;-17px|0px||182px||&#8221; custom_margin_tablet=&#8221;|10%||10%||true&#8221; custom_margin_phone=&#8221;&#8221; custom_margin_last_edited=&#8221;on|tablet&#8221; custom_padding=&#8221;60px|0px|0|0px|false|false&#8221; use_custom_width=&#8221;on&#8221; width_unit=&#8221;off&#8221; global_colors_info=&#8221;{}&#8221;][et_pb_column type=&#8221;1_4&#8243; _builder_version=&#8221;4.16&#8243; custom_padding=&#8221;|||&#8221; global_colors_info=&#8221;{}&#8221; custom_padding__hover=&#8221;|||&#8221;][et_pb_image src=&#8221;https:\/\/www.francescobenazzo.it\/sito\/wp-content\/uploads\/2020\/04\/FBenazzo.jpg&#8221; alt=&#8221;Frncesco Benazzo&#8221; title_text=&#8221;FrancescoBenazzo&#8221; align_tablet=&#8221;center&#8221; align_phone=&#8221;&#8221; align_last_edited=&#8221;on|desktop&#8221; _builder_version=&#8221;4.25.0&#8243; max_width=&#8221;100%&#8221; module_alignment=&#8221;center&#8221; custom_margin=&#8221;-60px|-50%||&#8221; custom_margin_tablet=&#8221;|0%||&#8221; custom_margin_phone=&#8221;&#8221; custom_margin_last_edited=&#8221;on|tablet&#8221; animation_style=&#8221;slide&#8221; animation_direction=&#8221;right&#8221; animation_intensity_slide=&#8221;5%&#8221; hover_enabled=&#8221;0&#8243; global_colors_info=&#8221;{}&#8221; sticky_enabled=&#8221;0&#8243; max_width_last_edited=&#8221;on|phone&#8221; max_width_tablet=&#8221;60%&#8221; max_width_phone=&#8221;60%&#8221;][\/et_pb_image][\/et_pb_column][et_pb_column type=&#8221;3_4&#8243; _builder_version=&#8221;4.16&#8243; background_color=&#8221;#f7f9fc&#8221; custom_padding=&#8221;40px|60px|40px|60px&#8221; custom_padding_tablet=&#8221;&#8221; custom_padding_phone=&#8221;|40px||40px||true&#8221; custom_padding_last_edited=&#8221;on|phone&#8221; global_colors_info=&#8221;{}&#8221; padding_phone=&#8221;|40px||40px||true&#8221; padding_last_edited=&#8221;on|phone&#8221; custom_padding__hover=&#8221;|||&#8221;][et_pb_text _builder_version=&#8221;4.25.0&#8243; text_font=&#8221;||||||||&#8221; text_font_size=&#8221;18px&#8221; text_line_height=&#8221;1.2em&#8221; header_font=&#8221;||||||||&#8221; header_2_font=&#8221;|300|||||||&#8221; header_2_font_size=&#8221;60px&#8221; header_2_line_height=&#8221;1.2em&#8221; header_5_font=&#8221;||||||||&#8221; header_5_text_color=&#8221;#7f8dff&#8221; header_5_line_height=&#8221;2em&#8221; max_width=&#8221;992px&#8221; header_2_font_size_tablet=&#8221;&#8221; header_2_font_size_phone=&#8221;30px&#8221; header_2_font_size_last_edited=&#8221;on|phone&#8221; locked=&#8221;off&#8221; global_colors_info=&#8221;{}&#8221;]<\/p>\n<h2>Biografia<\/h2>\n<p style=\"text-align: justify;\">Francesco Benazzo \u00e8 nato a Pavia, il 13 ottobre 1955. Pavese di nascita ed educazione, da padre piemontese e madre lomellina, frequenta il liceo classico Ugo Foscolo, e si iscrive alla Facolt\u00e0 di Medicina e Chirurgia di Pavia nel 1974. Si laurea nel 1980, e entra subito a far parte del team di specializzandi di Ortopedia e Traumatologia della clinica ortopedica e traumatologica dell\u2019<a href=\"https:\/\/web.unipv.it\/\">Universit\u00e0 di Pavia<\/a>, primo anno del passaggio della durata della specialit\u00e0 da 3 a 5 anni. La Scuola di specialit\u00e0 era diretta dal Prof. Mario Boni. La specialit\u00e0 di ortopedia era la scelta naturale e voluta, considerata la passione per lo studio dei tessuti connettivi, costituenti fondamentali dell\u2019apparato muscolo-scheletrico (Research investigations on electron microscopy, 1977-1983, Istituto di Anatomia Umana, University of Pavia, and Abteilung Elektronenmikroskopie, Medizinische Hochschule, Hannover, utilizzando tecniche speciali come il freeze-etching e il \u00a0freeze-fracture, applicate al tessuto collagenico (cartilagine e tendini) \u00a0e Istituto di Anatomia Umana, University of Bologna).<\/p>\n<p style=\"text-align: justify;\">Nel corso della specialit\u00e0, era indirizzato dal prof. Mario Boni al campo della traumatologia dello sport, di cui la clinica ortopedica era ed \u00e8 un centro di riferimento (Sezione di studi e ricerche in medicina e Traumatologia dello sport), diventando consulente , da allora come squadra, ai Giochi Olimpici di Los Angeles del 1984, e da allora a numerosi eventi sportivi internazionali (Campionati Europei e Mondiali). Interesse pratico e attivo per la traumatologia dello sport: medico di squadra di calcio in eccellenza dal 1980 al 1986; consulente ortopedico della Inter FC dal 2000 al 2014; consulente ortopedico dal 1983 per la FIDAL (Federazione Italiana di Atletica Leggera; dal 2015, consulente ortopedico del Sassuolo Calcio).<\/p>\n<p style=\"text-align: justify;\">Nel 1985 si specializzava nella disciplina, e vinceva la travelling fellowship del\u00a0 COCOMAC (organizzazione europea che precedeva l\u2019 EFORT) come migliore specializzando italiano insieme a due altri colleghi italiani neospecializzati,\u00a0 in Portogallo.<\/p>\n<p style=\"text-align: justify;\">Nel 1987, diventava assistente della sezione di traumatologia dello sport della clinica ortopedica e traumatologica dell\u2019Universit\u00e0 di Pavia, fino al 1990.<\/p>\n<p style=\"text-align: justify;\">In questo anno, passava alla carriera universitaria, diventando ricercatore nella disciplina ortopedica, per diventare infine direttamente full professor di ortopedia e traumatologia nel 2000.<\/p>\n<p style=\"text-align: justify;\">Dal 2002, fino al 2020, ha diretto la clinica ortopedica e traumatologica dell\u2019Universit\u00e0 di Pavia, Fondazione IRCCS Policlinico San Matteo, e la Scuola di Specialit\u00e0 nella disciplina.<\/p>\n<p style=\"text-align: justify;\">Dal 1 Marzo 2020, \u00e8 Direttore della sezione di chirurgia protesica a indirizzo robotico \u2013 e Unit\u00e0 di Traumatologia dello Sport, Presso la <a href=\"https:\/\/www.poliambulanza.it\/aree-e-unita-operative\/scienze-chirurgiche\/uo-ortopedia-e-traumatologia\">Fondazione Poliambulanza di Brescia<\/a>, mantenendo contemporaneamente la cattedra di ortopedia e traumatologia presso l\u2019Universit\u00e0 di Pavia, e la Direzione della Scuola di Specialit\u00e0 in questa disciplina.<\/p>\n<p>[\/et_pb_text][\/et_pb_column][\/et_pb_row][\/et_pb_section][et_pb_section fb_built=&#8221;1&#8243; admin_label=&#8221;What I Do&#8221; _builder_version=&#8221;4.16&#8243; custom_padding=&#8221;54px|0px|0|0px|false|false&#8221; global_colors_info=&#8221;{}&#8221;][et_pb_row _builder_version=&#8221;4.16&#8243; width=&#8221;100%&#8221; min_height=&#8221;152px&#8221; custom_margin=&#8221;-46px|auto||auto||&#8221; global_colors_info=&#8221;{}&#8221;][et_pb_column type=&#8221;4_4&#8243; _builder_version=&#8221;4.16&#8243; custom_padding=&#8221;|||&#8221; global_colors_info=&#8221;{}&#8221; custom_padding__hover=&#8221;|||&#8221;][et_pb_text _builder_version=&#8221;4.16&#8243; text_font=&#8221;||||||||&#8221; text_font_size=&#8221;16px&#8221; text_line_height=&#8221;2em&#8221; header_font=&#8221;||||||||&#8221; header_2_font=&#8221;|300|||||||&#8221; header_2_font_size=&#8221;60px&#8221; header_2_line_height=&#8221;1.4em&#8221; header_5_font=&#8221;||||||||&#8221; header_5_text_color=&#8221;#7f8dff&#8221; header_5_line_height=&#8221;2em&#8221; text_orientation=&#8221;center&#8221; max_width=&#8221;1084px&#8221; module_alignment=&#8221;center&#8221; header_2_font_size_tablet=&#8221;&#8221; header_2_font_size_phone=&#8221;30px&#8221; header_2_font_size_last_edited=&#8221;on|phone&#8221; locked=&#8221;off&#8221; global_colors_info=&#8221;{}&#8221;]<\/p>\n<h2>I principali interessi scientifici e clinici<\/h2>\n<p>[\/et_pb_text][\/et_pb_column][\/et_pb_row][et_pb_row column_structure=&#8221;1_3,1_3,1_3&#8243; use_custom_gutter=&#8221;on&#8221; gutter_width=&#8221;1&#8243; make_equal=&#8221;on&#8221; padding_top_bottom_link_1=&#8221;true&#8221; padding_top_bottom_link_2=&#8221;true&#8221; padding_top_bottom_link_3=&#8221;true&#8221; padding_left_right_link_1=&#8221;true&#8221; padding_left_right_link_2=&#8221;true&#8221; padding_left_right_link_3=&#8221;true&#8221; module_class=&#8221; et_pb_row_fullwidth&#8221; _builder_version=&#8221;4.16&#8243; width=&#8221;100%&#8221; width_tablet=&#8221;100%&#8221; width_phone=&#8221;&#8221; width_last_edited=&#8221;on|desktop&#8221; max_width=&#8221;100%&#8221; max_width_tablet=&#8221;100%&#8221; max_width_phone=&#8221;&#8221; max_width_last_edited=&#8221;on|desktop&#8221; min_height=&#8221;529px&#8221; custom_padding=&#8221;0px|0px|0px|0px|false|false&#8221; make_fullwidth=&#8221;on&#8221; global_colors_info=&#8221;{}&#8221;][et_pb_column type=&#8221;1_3&#8243; _builder_version=&#8221;4.16&#8243; background_color=&#8221;rgba(12,113,195,0.28)&#8221; custom_padding=&#8221;80px|4%|80px|4%&#8221; custom_padding_tablet=&#8221;|10%||10%||true&#8221; custom_padding_phone=&#8221;&#8221; custom_padding_last_edited=&#8221;on|tablet&#8221; global_colors_info=&#8221;{}&#8221; padding_tablet=&#8221;|10%||10%||true&#8221; padding_last_edited=&#8221;on|tablet&#8221; custom_padding__hover=&#8221;|||&#8221; padding_phone=&#8221;|10%||10%||true&#8221;][et_pb_image src=&#8221;https:\/\/www.francescobenazzo.it\/sito\/wp-content\/uploads\/2020\/04\/5.png&#8221; alt=&#8221;Chirurgia protesica&#8221; title_text=&#8221;Chirurgia protesica&#8221; align=&#8221;center&#8221; align_tablet=&#8221;center&#8221; align_phone=&#8221;&#8221; align_last_edited=&#8221;on|desktop&#8221; _builder_version=&#8221;4.16&#8243; custom_margin=&#8221;||20px|&#8221; animation_style=&#8221;fade&#8221; global_colors_info=&#8221;{}&#8221;][\/et_pb_image][et_pb_cta title=&#8221;Chirurgia protesica articolare&#8221; button_url=&#8221;#&#8221; _builder_version=&#8221;4.16&#8243; header_font=&#8221;||||||||&#8221; header_font_size=&#8221;35px&#8221; header_line_height=&#8221;1.5em&#8221; body_font=&#8221;||||||||&#8221; body_font_size=&#8221;16px&#8221; body_line_height=&#8221;2em&#8221; use_background_color=&#8221;off&#8221; custom_button=&#8221;on&#8221; button_text_size=&#8221;14px&#8221; button_text_color=&#8221;#ffffff&#8221; button_bg_color=&#8221;#7f8dff&#8221; button_border_width=&#8221;8px&#8221; button_border_color=&#8221;rgba(0,0,0,0)&#8221; button_border_radius=&#8221;100px&#8221; button_letter_spacing=&#8221;2px&#8221; button_font=&#8221;Montserrat|||on|||||&#8221; background_layout=&#8221;light&#8221; box_shadow_style_button=&#8221;preset3&#8243; box_shadow_color_button=&#8221;rgba(127,141,255,0.4)&#8221; button_letter_spacing_hover=&#8221;2px&#8221; global_colors_info=&#8221;{}&#8221; button_text_size__hover_enabled=&#8221;off&#8221; button_one_text_size__hover_enabled=&#8221;off&#8221; button_two_text_size__hover_enabled=&#8221;off&#8221; button_text_color__hover_enabled=&#8221;off&#8221; button_one_text_color__hover_enabled=&#8221;off&#8221; button_two_text_color__hover_enabled=&#8221;off&#8221; button_border_width__hover_enabled=&#8221;off&#8221; button_one_border_width__hover_enabled=&#8221;off&#8221; button_two_border_width__hover_enabled=&#8221;off&#8221; button_border_color__hover_enabled=&#8221;off&#8221; button_one_border_color__hover_enabled=&#8221;off&#8221; button_two_border_color__hover_enabled=&#8221;off&#8221; button_border_radius__hover_enabled=&#8221;off&#8221; button_one_border_radius__hover_enabled=&#8221;off&#8221; button_two_border_radius__hover_enabled=&#8221;off&#8221; button_letter_spacing__hover_enabled=&#8221;on&#8221; button_letter_spacing__hover=&#8221;2px&#8221; button_one_letter_spacing__hover_enabled=&#8221;off&#8221; button_two_letter_spacing__hover_enabled=&#8221;off&#8221; button_bg_color__hover_enabled=&#8221;off&#8221; button_one_bg_color__hover_enabled=&#8221;off&#8221; button_two_bg_color__hover_enabled=&#8221;off&#8221;]<\/p>\n<p style=\"text-align: justify;\">Interesse specifico nella chirurgia protesica articolare , principalmente anca e ginocchio, iniziato fin dagli anni della specialit\u00e0 con particolare attenzione alla displasia d\u2019anca, alla epifisiolisi e al morbo di Perthes.<\/p>\n<p>[\/et_pb_cta][\/et_pb_column][et_pb_column type=&#8221;1_3&#8243; _builder_version=&#8221;4.16&#8243; background_color=&#8221;rgba(12,113,195,0.75)&#8221; custom_padding=&#8221;80px|4%|80px|4%&#8221; custom_padding_tablet=&#8221;|10%||10%||true&#8221; custom_padding_phone=&#8221;&#8221; custom_padding_last_edited=&#8221;on|tablet&#8221; global_colors_info=&#8221;{}&#8221; padding_tablet=&#8221;|10%||10%||true&#8221; padding_last_edited=&#8221;on|tablet&#8221; custom_padding__hover=&#8221;|||&#8221; padding_phone=&#8221;|10%||10%||true&#8221;][et_pb_image src=&#8221;https:\/\/www.francescobenazzo.it\/sito\/wp-content\/uploads\/2020\/04\/3.png&#8221; alt=&#8221;Anca difficile&#8221; title_text=&#8221;Anca difficile&#8221; align=&#8221;center&#8221; align_tablet=&#8221;center&#8221; align_phone=&#8221;&#8221; align_last_edited=&#8221;on|desktop&#8221; _builder_version=&#8221;4.16&#8243; custom_margin=&#8221;||20px|&#8221; animation_style=&#8221;fade&#8221; global_colors_info=&#8221;{}&#8221;][\/et_pb_image][et_pb_cta title=&#8221;Trattamento delle anche difficili&#8221; button_url=&#8221;#&#8221; _builder_version=&#8221;4.16&#8243; header_font=&#8221;||||||||&#8221; header_font_size=&#8221;35px&#8221; header_line_height=&#8221;1.5em&#8221; body_font=&#8221;||||||||&#8221; body_font_size=&#8221;16px&#8221; body_line_height=&#8221;2em&#8221; use_background_color=&#8221;off&#8221; custom_button=&#8221;on&#8221; button_text_size=&#8221;14px&#8221; button_text_color=&#8221;#ffffff&#8221; button_bg_color=&#8221;#7f8dff&#8221; button_border_width=&#8221;8px&#8221; button_border_color=&#8221;rgba(0,0,0,0)&#8221; button_border_radius=&#8221;100px&#8221; button_letter_spacing=&#8221;2px&#8221; button_font=&#8221;Montserrat|||on|||||&#8221; custom_padding=&#8221;0px|||||&#8221; button_letter_spacing_hover=&#8221;2px&#8221; locked=&#8221;off&#8221; global_colors_info=&#8221;{}&#8221; button_text_size__hover_enabled=&#8221;off&#8221; button_one_text_size__hover_enabled=&#8221;off&#8221; button_two_text_size__hover_enabled=&#8221;off&#8221; button_text_color__hover_enabled=&#8221;off&#8221; button_one_text_color__hover_enabled=&#8221;off&#8221; button_two_text_color__hover_enabled=&#8221;off&#8221; button_border_width__hover_enabled=&#8221;off&#8221; button_one_border_width__hover_enabled=&#8221;off&#8221; button_two_border_width__hover_enabled=&#8221;off&#8221; button_border_color__hover_enabled=&#8221;off&#8221; button_one_border_color__hover_enabled=&#8221;off&#8221; button_two_border_color__hover_enabled=&#8221;off&#8221; button_border_radius__hover_enabled=&#8221;off&#8221; button_one_border_radius__hover_enabled=&#8221;off&#8221; button_two_border_radius__hover_enabled=&#8221;off&#8221; button_letter_spacing__hover_enabled=&#8221;on&#8221; button_letter_spacing__hover=&#8221;2px&#8221; button_one_letter_spacing__hover_enabled=&#8221;off&#8221; button_two_letter_spacing__hover_enabled=&#8221;off&#8221; button_bg_color__hover_enabled=&#8221;off&#8221; button_one_bg_color__hover_enabled=&#8221;off&#8221; button_two_bg_color__hover_enabled=&#8221;off&#8221;]<\/p>\n<p style=\"text-align: justify;\">Per il crescente interesse nel trattamento delle anche difficili, quali esiti di displasia congenita e lussazione, e anche post-traumatiche, ha sviluppato un sistema protesico specificatamente dedicato , nel quale ha accoppiato \u00a0uno stelo conico a 5\u00b0 con corpi modulari e con colli di differente inclinazione (125\u00b0, 135\u00b0, corti e lunghi).<\/p>\n<p>[\/et_pb_cta][\/et_pb_column][et_pb_column type=&#8221;1_3&#8243; _builder_version=&#8221;4.16&#8243; background_color=&#8221;#d6daff&#8221; custom_padding=&#8221;80px|4%|80px|4%&#8221; custom_padding_tablet=&#8221;|10%||10%||true&#8221; custom_padding_phone=&#8221;&#8221; custom_padding_last_edited=&#8221;on|tablet&#8221; global_colors_info=&#8221;{}&#8221; padding_tablet=&#8221;|10%||10%||true&#8221; padding_last_edited=&#8221;on|tablet&#8221; custom_padding__hover=&#8221;|||&#8221; padding_phone=&#8221;|10%||10%||true&#8221;][et_pb_image src=&#8221;https:\/\/www.francescobenazzo.it\/sito\/wp-content\/uploads\/2020\/04\/4.png&#8221; alt=&#8221;Protesi d&#8217;anca&#8221; title_text=&#8221;Protesi d&#8217;anca&#8221; align=&#8221;center&#8221; align_tablet=&#8221;center&#8221; align_phone=&#8221;&#8221; align_last_edited=&#8221;on|desktop&#8221; _builder_version=&#8221;4.16&#8243; custom_margin=&#8221;||20px|&#8221; animation_style=&#8221;fade&#8221; global_colors_info=&#8221;{}&#8221;][\/et_pb_image][et_pb_cta title=&#8221;Sistema di protesi d&#8217;anca&#8221; button_url=&#8221;#&#8221; _builder_version=&#8221;4.16&#8243; header_level=&#8221;h3&#8243; header_font=&#8221;||||||||&#8221; header_font_size=&#8221;35px&#8221; header_line_height=&#8221;1.5em&#8221; body_font=&#8221;||||||||&#8221; body_font_size=&#8221;16px&#8221; body_line_height=&#8221;2em&#8221; use_background_color=&#8221;off&#8221; custom_button=&#8221;on&#8221; button_text_size=&#8221;14px&#8221; button_text_color=&#8221;#ffffff&#8221; button_bg_color=&#8221;#7f8dff&#8221; button_border_width=&#8221;8px&#8221; button_border_color=&#8221;rgba(0,0,0,0)&#8221; button_border_radius=&#8221;100px&#8221; button_letter_spacing=&#8221;2px&#8221; button_font=&#8221;Montserrat|||on|||||&#8221; background_layout=&#8221;light&#8221; button_letter_spacing_hover=&#8221;2px&#8221; locked=&#8221;off&#8221; global_colors_info=&#8221;{}&#8221; button_text_size__hover_enabled=&#8221;off&#8221; button_one_text_size__hover_enabled=&#8221;off&#8221; button_two_text_size__hover_enabled=&#8221;off&#8221; button_text_color__hover_enabled=&#8221;off&#8221; button_one_text_color__hover_enabled=&#8221;off&#8221; button_two_text_color__hover_enabled=&#8221;off&#8221; button_border_width__hover_enabled=&#8221;off&#8221; button_one_border_width__hover_enabled=&#8221;off&#8221; button_two_border_width__hover_enabled=&#8221;off&#8221; button_border_color__hover_enabled=&#8221;off&#8221; button_one_border_color__hover_enabled=&#8221;off&#8221; button_two_border_color__hover_enabled=&#8221;off&#8221; button_border_radius__hover_enabled=&#8221;off&#8221; button_one_border_radius__hover_enabled=&#8221;off&#8221; button_two_border_radius__hover_enabled=&#8221;off&#8221; button_letter_spacing__hover_enabled=&#8221;on&#8221; button_letter_spacing__hover=&#8221;2px&#8221; button_one_letter_spacing__hover_enabled=&#8221;off&#8221; button_two_letter_spacing__hover_enabled=&#8221;off&#8221; button_bg_color__hover_enabled=&#8221;off&#8221; button_one_bg_color__hover_enabled=&#8221;off&#8221; button_two_bg_color__hover_enabled=&#8221;off&#8221;]<\/p>\n<p style=\"text-align: justify;\">Un terzo sistema di protesi d\u2019anca \u00e8 in corso di sviluppo, e basato sul concetto del resurfacing con una emisezione cefalica, la cui caratteristica \u00e8 di avere una trobologia ceramica\/ceramica. Il design definitive, gli strumenti e la tecnica chirurgica sono gi\u00e0 stati finalizzati, i tests su cadavere e in laboratorio eseguiti, e dopo il marchio CE gli impianti inizieranno in centri selezionati.<\/p>\n<p>[\/et_pb_cta][\/et_pb_column][\/et_pb_row][\/et_pb_section][et_pb_section fb_built=&#8221;1&#8243; custom_padding_last_edited=&#8221;off|desktop&#8221; admin_label=&#8221;About&#8221; _builder_version=&#8221;4.16&#8243; background_color=&#8221;#f2f6fc&#8221; use_background_color_gradient=&#8221;on&#8221; background_color_gradient_stops=&#8221;#ffffff 67%|#ffffff 100%&#8221; background_color_gradient_start=&#8221;#ffffff&#8221; background_color_gradient_start_position=&#8221;67%&#8221; background_color_gradient_end=&#8221;#ffffff&#8221; background_image=&#8221;https:\/\/www.francescobenazzo.it\/sito\/wp-content\/uploads\/2020\/04\/therapist-06d.png&#8221; parallax=&#8221;on&#8221; custom_padding=&#8221;40px|0px|40px|0px|true|false&#8221; custom_padding_tablet=&#8221;40px||40px||true&#8221; global_colors_info=&#8221;{}&#8221;][et_pb_row _builder_version=&#8221;4.16&#8243; global_colors_info=&#8221;{}&#8221;][et_pb_column type=&#8221;4_4&#8243; _builder_version=&#8221;4.16&#8243; custom_padding=&#8221;|||&#8221; global_colors_info=&#8221;{}&#8221; custom_padding__hover=&#8221;|||&#8221;][et_pb_text _builder_version=&#8221;4.16&#8243; text_font=&#8221;||||||||&#8221; text_font_size=&#8221;16px&#8221; text_line_height=&#8221;2em&#8221; header_font=&#8221;||||||||&#8221; header_2_font=&#8221;|300|||||||&#8221; header_2_font_size=&#8221;60px&#8221; header_2_line_height=&#8221;1.4em&#8221; header_5_font=&#8221;||||||||&#8221; header_5_text_color=&#8221;#7f8dff&#8221; header_5_line_height=&#8221;2em&#8221; text_orientation=&#8221;center&#8221; max_width=&#8221;700px&#8221; module_alignment=&#8221;center&#8221; header_2_font_size_tablet=&#8221;&#8221; header_2_font_size_phone=&#8221;30px&#8221; header_2_font_size_last_edited=&#8221;on|phone&#8221; locked=&#8221;off&#8221; global_colors_info=&#8221;{}&#8221;]<\/p>\n<h2>Partecipazioni e formazione<\/h2>\n<p>[\/et_pb_text][\/et_pb_column][\/et_pb_row][et_pb_row column_structure=&#8221;1_2,1_2&#8243; _builder_version=&#8221;4.16&#8243; global_colors_info=&#8221;{}&#8221;][et_pb_column type=&#8221;1_2&#8243; _builder_version=&#8221;4.16&#8243; custom_padding=&#8221;|||&#8221; global_colors_info=&#8221;{}&#8221; custom_padding__hover=&#8221;|||&#8221;][et_pb_text _builder_version=&#8221;4.16&#8243; text_font=&#8221;||||||||&#8221; text_font_size=&#8221;16px&#8221; text_line_height=&#8221;2em&#8221; header_font=&#8221;||||||||&#8221; header_2_font=&#8221;||||||||&#8221; header_3_font=&#8221;Montserrat||||||||&#8221; header_3_line_height=&#8221;1.4em&#8221; header_5_font=&#8221;||||||||&#8221; header_5_text_color=&#8221;#7f8dff&#8221; header_5_line_height=&#8221;2em&#8221; max_width=&#8221;700px&#8221; min_height=&#8221;329px&#8221; header_2_font_size_phone=&#8221;30px&#8221; header_2_font_size_last_edited=&#8221;off|desktop&#8221; locked=&#8221;off&#8221; global_colors_info=&#8221;{}&#8221;]<\/p>\n<ul>\n<li style=\"text-align: justify;\">Nel 2017, ha partecipato allo sviluppo di un nuovo sistema di revisione d\u2019anca, con strumentazione specifica per permettere l\u2019approccio chirugico anteriore. Il sistema attualmente \u00e8 in attesa del marchio CE, presenta peculiari caratteristiche per aumentare la resistenza della giunzione modulare tra lo stelo e il corpo del collo.<\/li>\n<li style=\"text-align: justify;\">Nel 2003, ha partecipato come designer di protesi di ginocchio con caratteristiche modulari nel piatto tibiale, (impiantata a partire dal 2005), sviluppando specificatamente tecniche chirurgiche mini-invasive.<\/li>\n<li style=\"text-align: justify;\">Nel 2009, \u00e8 entrato nel gruppo di designers della protesi di ginocchio persona, e nel 2015 della protesi da revisione PCCK.<\/li>\n<\/ul>\n<p>[\/et_pb_text][\/et_pb_column][et_pb_column type=&#8221;1_2&#8243; _builder_version=&#8221;4.16&#8243; custom_padding=&#8221;|||&#8221; global_colors_info=&#8221;{}&#8221; custom_padding__hover=&#8221;|||&#8221;][et_pb_text _builder_version=&#8221;4.25.0&#8243; text_font=&#8221;||||||||&#8221; text_font_size=&#8221;16px&#8221; text_line_height=&#8221;2em&#8221; header_font=&#8221;||||||||&#8221; header_2_font=&#8221;Montserrat|300|||||||&#8221; header_2_font_size=&#8221;40px&#8221; header_2_line_height=&#8221;1.4em&#8221; header_5_font=&#8221;||||||||&#8221; header_5_text_color=&#8221;#7f8dff&#8221; header_5_line_height=&#8221;2em&#8221; max_width=&#8221;700px&#8221; module_alignment=&#8221;center&#8221; header_2_font_size_tablet=&#8221;&#8221; header_2_font_size_phone=&#8221;30px&#8221; header_2_font_size_last_edited=&#8221;on|phone&#8221; locked=&#8221;off&#8221; global_colors_info=&#8221;{}&#8221;]<\/p>\n<p style=\"text-align: justify;\">E\u2019 regolarmente invitato come visiting surgeon, per eseguire chirurgie primarie e di revisione in Europa, Brasile, Corea del Sud, Giappone, Australia. In Giappone, nel 2014, \u00e8 stato invitato a eseguire la chirurgia di apertura di una nuova sala operatoria a Hiroshima, dal prof. Kurose, con successiva lettura sulla displasia d\u2019anca.<\/p>\n<p style=\"text-align: justify;\">E\u2019 istruttore su cadavere per la protesica di ginocchio, primaria e di revisione, a Parigi, Leuven, Cape Town , Tubingen, Vienna, Arezzo, Cremona, dove \u00e8 stato promotore di un nuovo centro per corsi su cadavere, usufruibili dagli specializzandi in ortopedia e traumatologia di Pavia.<\/p>\n<p>[\/et_pb_text][\/et_pb_column][\/et_pb_row][et_pb_row _builder_version=&#8221;4.16&#8243; global_colors_info=&#8221;{}&#8221;][et_pb_column type=&#8221;4_4&#8243; _builder_version=&#8221;4.16&#8243; global_colors_info=&#8221;{}&#8221;][et_pb_text _builder_version=&#8221;4.25.0&#8243; global_colors_info=&#8221;{}&#8221;]<\/p>\n<h2 style=\"text-align: center;\">Il Prof. Francesco Benazzo ha anche partecipato alla scrittura di libri e capitoli singoli, ha collaborato con la stampa e ha revisionato diversi articoli scientifici<\/h2>\n<p>[\/et_pb_text][et_pb_button button_url=&#8221;https:\/\/www.francescobenazzo.it\/sito\/pubblicazioni-3\/&#8221; button_text=&#8221;Pubblicazioni&#8221; button_alignment=&#8221;center&#8221; _builder_version=&#8221;4.25.0&#8243; global_colors_info=&#8221;{}&#8221;][\/et_pb_button][\/et_pb_column][\/et_pb_row][\/et_pb_section]<\/p>\n","protected":false},"excerpt":{"rendered":"<p>Prof. Francesco Benazzo Biografia Francesco Benazzo \u00e8 nato a Pavia, il 13 ottobre 1955. Pavese di nascita ed educazione, da padre piemontese e madre lomellina, frequenta il liceo classico Ugo Foscolo, e si iscrive alla Facolt\u00e0 di Medicina e Chirurgia di Pavia nel 1974. Si laurea nel 1980, e entra subito a far parte del [&hellip;]<\/p>\n","protected":false},"author":1,"featured_media":0,"parent":0,"menu_order":0,"comment_status":"closed","ping_status":"closed","template":"","meta":{"_et_pb_use_builder":"on","_et_pb_old_content":"","_et_gb_content_width":"","footnotes":""},"class_list":["post-272","page","type-page","status-publish","hentry"],"yoast_head":"<!-- This site is optimized with the Yoast SEO plugin v27.5 - https:\/\/yoast.com\/product\/yoast-seo-wordpress\/ -->\n<title>Chi sono - Prof. Francesco Benazzo Specialista in Ortopedia<\/title>\n<meta name=\"description\" content=\"Francesco Benazzo \u00e8 nato a Pavia, il 13 ottobre 1955. Pavese di nascita ed educazione, si iscrive alla Facolt\u00e0 di Medicina e Chirurgia di Pavia nel 1974.\" \/>\n<meta name=\"robots\" content=\"index, follow, max-snippet:-1, max-image-preview:large, max-video-preview:-1\" \/>\n<link rel=\"canonical\" href=\"https:\/\/www.francescobenazzo.it\/sito\/chi-sono\/\" \/>\n<meta property=\"og:locale\" content=\"it_IT\" \/>\n<meta property=\"og:type\" content=\"article\" \/>\n<meta property=\"og:title\" content=\"Chi sono - Prof. Francesco Benazzo Specialista in Ortopedia\" \/>\n<meta property=\"og:description\" content=\"Francesco Benazzo \u00e8 nato a Pavia, il 13 ottobre 1955. Pavese di nascita ed educazione, si iscrive alla Facolt\u00e0 di Medicina e Chirurgia di Pavia nel 1974.\" \/>\n<meta property=\"og:url\" content=\"https:\/\/www.francescobenazzo.it\/sito\/chi-sono\/\" \/>\n<meta property=\"og:site_name\" content=\"Prof. Francesco Benazzo\" \/>\n<meta property=\"article:publisher\" content=\"https:\/\/www.facebook.com\/profile.php?id=100064045481651&amp;locale=it_IT\" \/>\n<meta property=\"article:modified_time\" content=\"2024-04-24T14:56:17+00:00\" \/>\n<meta name=\"twitter:card\" content=\"summary_large_image\" \/>\n<meta name=\"twitter:label1\" content=\"Tempo di lettura stimato\" \/>\n\t<meta name=\"twitter:data1\" content=\"6 minuti\" \/>\n<script type=\"application\/ld+json\" class=\"yoast-schema-graph\">{\"@context\":\"https:\\\/\\\/schema.org\",\"@graph\":[{\"@type\":\"WebPage\",\"@id\":\"https:\\\/\\\/www.francescobenazzo.it\\\/sito\\\/chi-sono\\\/\",\"url\":\"https:\\\/\\\/www.francescobenazzo.it\\\/sito\\\/chi-sono\\\/\",\"name\":\"Chi sono - Prof. Francesco Benazzo Specialista in Ortopedia\",\"isPartOf\":{\"@id\":\"https:\\\/\\\/www.francescobenazzo.it\\\/sito\\\/#website\"},\"datePublished\":\"2020-04-08T13:07:19+00:00\",\"dateModified\":\"2024-04-24T14:56:17+00:00\",\"description\":\"Francesco Benazzo \u00e8 nato a Pavia, il 13 ottobre 1955. Pavese di nascita ed educazione, si iscrive alla Facolt\u00e0 di Medicina e Chirurgia di Pavia nel 1974.\",\"breadcrumb\":{\"@id\":\"https:\\\/\\\/www.francescobenazzo.it\\\/sito\\\/chi-sono\\\/#breadcrumb\"},\"inLanguage\":\"it-IT\",\"potentialAction\":[{\"@type\":\"ReadAction\",\"target\":[\"https:\\\/\\\/www.francescobenazzo.it\\\/sito\\\/chi-sono\\\/\"]}]},{\"@type\":\"BreadcrumbList\",\"@id\":\"https:\\\/\\\/www.francescobenazzo.it\\\/sito\\\/chi-sono\\\/#breadcrumb\",\"itemListElement\":[{\"@type\":\"ListItem\",\"position\":1,\"name\":\"Home\",\"item\":\"https:\\\/\\\/www.francescobenazzo.it\\\/sito\\\/\"},{\"@type\":\"ListItem\",\"position\":2,\"name\":\"Chi sono\"}]},{\"@type\":\"WebSite\",\"@id\":\"https:\\\/\\\/www.francescobenazzo.it\\\/sito\\\/#website\",\"url\":\"https:\\\/\\\/www.francescobenazzo.it\\\/sito\\\/\",\"name\":\"Prof. Francesco Benazzo\",\"description\":\"Specialista in Ortopedia e Traumatologia\",\"publisher\":{\"@id\":\"https:\\\/\\\/www.francescobenazzo.it\\\/sito\\\/#organization\"},\"potentialAction\":[{\"@type\":\"SearchAction\",\"target\":{\"@type\":\"EntryPoint\",\"urlTemplate\":\"https:\\\/\\\/www.francescobenazzo.it\\\/sito\\\/?s={search_term_string}\"},\"query-input\":{\"@type\":\"PropertyValueSpecification\",\"valueRequired\":true,\"valueName\":\"search_term_string\"}}],\"inLanguage\":\"it-IT\"},{\"@type\":\"Organization\",\"@id\":\"https:\\\/\\\/www.francescobenazzo.it\\\/sito\\\/#organization\",\"name\":\"Prof. Francesco Benazzo\",\"url\":\"https:\\\/\\\/www.francescobenazzo.it\\\/sito\\\/\",\"logo\":{\"@type\":\"ImageObject\",\"inLanguage\":\"it-IT\",\"@id\":\"https:\\\/\\\/www.francescobenazzo.it\\\/sito\\\/#\\\/schema\\\/logo\\\/image\\\/\",\"url\":\"https:\\\/\\\/www.francescobenazzo.it\\\/sito\\\/wp-content\\\/uploads\\\/2020\\\/05\\\/Professor-Francesco-Benazzo.jpg\",\"contentUrl\":\"https:\\\/\\\/www.francescobenazzo.it\\\/sito\\\/wp-content\\\/uploads\\\/2020\\\/05\\\/Professor-Francesco-Benazzo.jpg\",\"width\":560,\"height\":95,\"caption\":\"Prof. Francesco Benazzo\"},\"image\":{\"@id\":\"https:\\\/\\\/www.francescobenazzo.it\\\/sito\\\/#\\\/schema\\\/logo\\\/image\\\/\"},\"sameAs\":[\"https:\\\/\\\/www.facebook.com\\\/profile.php?id=100064045481651&locale=it_IT\"]}]}<\/script>\n<!-- \/ Yoast SEO plugin. -->","yoast_head_json":{"title":"Chi sono - Prof. Francesco Benazzo Specialista in Ortopedia","description":"Francesco Benazzo \u00e8 nato a Pavia, il 13 ottobre 1955. Pavese di nascita ed educazione, si iscrive alla Facolt\u00e0 di Medicina e Chirurgia di Pavia nel 1974.","robots":{"index":"index","follow":"follow","max-snippet":"max-snippet:-1","max-image-preview":"max-image-preview:large","max-video-preview":"max-video-preview:-1"},"canonical":"https:\/\/www.francescobenazzo.it\/sito\/chi-sono\/","og_locale":"it_IT","og_type":"article","og_title":"Chi sono - Prof. Francesco Benazzo Specialista in Ortopedia","og_description":"Francesco Benazzo \u00e8 nato a Pavia, il 13 ottobre 1955. Pavese di nascita ed educazione, si iscrive alla Facolt\u00e0 di Medicina e Chirurgia di Pavia nel 1974.","og_url":"https:\/\/www.francescobenazzo.it\/sito\/chi-sono\/","og_site_name":"Prof. Francesco Benazzo","article_publisher":"https:\/\/www.facebook.com\/profile.php?id=100064045481651&locale=it_IT","article_modified_time":"2024-04-24T14:56:17+00:00","twitter_card":"summary_large_image","twitter_misc":{"Tempo di lettura stimato":"6 minuti"},"schema":{"@context":"https:\/\/schema.org","@graph":[{"@type":"WebPage","@id":"https:\/\/www.francescobenazzo.it\/sito\/chi-sono\/","url":"https:\/\/www.francescobenazzo.it\/sito\/chi-sono\/","name":"Chi sono - Prof. Francesco Benazzo Specialista in Ortopedia","isPartOf":{"@id":"https:\/\/www.francescobenazzo.it\/sito\/#website"},"datePublished":"2020-04-08T13:07:19+00:00","dateModified":"2024-04-24T14:56:17+00:00","description":"Francesco Benazzo \u00e8 nato a Pavia, il 13 ottobre 1955. Pavese di nascita ed educazione, si iscrive alla Facolt\u00e0 di Medicina e Chirurgia di Pavia nel 1974.","breadcrumb":{"@id":"https:\/\/www.francescobenazzo.it\/sito\/chi-sono\/#breadcrumb"},"inLanguage":"it-IT","potentialAction":[{"@type":"ReadAction","target":["https:\/\/www.francescobenazzo.it\/sito\/chi-sono\/"]}]},{"@type":"BreadcrumbList","@id":"https:\/\/www.francescobenazzo.it\/sito\/chi-sono\/#breadcrumb","itemListElement":[{"@type":"ListItem","position":1,"name":"Home","item":"https:\/\/www.francescobenazzo.it\/sito\/"},{"@type":"ListItem","position":2,"name":"Chi sono"}]},{"@type":"WebSite","@id":"https:\/\/www.francescobenazzo.it\/sito\/#website","url":"https:\/\/www.francescobenazzo.it\/sito\/","name":"Prof. Francesco Benazzo","description":"Specialista in Ortopedia e Traumatologia","publisher":{"@id":"https:\/\/www.francescobenazzo.it\/sito\/#organization"},"potentialAction":[{"@type":"SearchAction","target":{"@type":"EntryPoint","urlTemplate":"https:\/\/www.francescobenazzo.it\/sito\/?s={search_term_string}"},"query-input":{"@type":"PropertyValueSpecification","valueRequired":true,"valueName":"search_term_string"}}],"inLanguage":"it-IT"},{"@type":"Organization","@id":"https:\/\/www.francescobenazzo.it\/sito\/#organization","name":"Prof. Francesco Benazzo","url":"https:\/\/www.francescobenazzo.it\/sito\/","logo":{"@type":"ImageObject","inLanguage":"it-IT","@id":"https:\/\/www.francescobenazzo.it\/sito\/#\/schema\/logo\/image\/","url":"https:\/\/www.francescobenazzo.it\/sito\/wp-content\/uploads\/2020\/05\/Professor-Francesco-Benazzo.jpg","contentUrl":"https:\/\/www.francescobenazzo.it\/sito\/wp-content\/uploads\/2020\/05\/Professor-Francesco-Benazzo.jpg","width":560,"height":95,"caption":"Prof. Francesco Benazzo"},"image":{"@id":"https:\/\/www.francescobenazzo.it\/sito\/#\/schema\/logo\/image\/"},"sameAs":["https:\/\/www.facebook.com\/profile.php?id=100064045481651&locale=it_IT"]}]}},"_links":{"self":[{"href":"https:\/\/www.francescobenazzo.it\/sito\/wp-json\/wp\/v2\/pages\/272","targetHints":{"allow":["GET"]}}],"collection":[{"href":"https:\/\/www.francescobenazzo.it\/sito\/wp-json\/wp\/v2\/pages"}],"about":[{"href":"https:\/\/www.francescobenazzo.it\/sito\/wp-json\/wp\/v2\/types\/page"}],"author":[{"embeddable":true,"href":"https:\/\/www.francescobenazzo.it\/sito\/wp-json\/wp\/v2\/users\/1"}],"replies":[{"embeddable":true,"href":"https:\/\/www.francescobenazzo.it\/sito\/wp-json\/wp\/v2\/comments?post=272"}],"version-history":[{"count":2,"href":"https:\/\/www.francescobenazzo.it\/sito\/wp-json\/wp\/v2\/pages\/272\/revisions"}],"predecessor-version":[{"id":1593,"href":"https:\/\/www.francescobenazzo.it\/sito\/wp-json\/wp\/v2\/pages\/272\/revisions\/1593"}],"wp:attachment":[{"href":"https:\/\/www.francescobenazzo.it\/sito\/wp-json\/wp\/v2\/media?parent=272"}],"curies":[{"name":"wp","href":"https:\/\/api.w.org\/{rel}","templated":true}]}}